{"id":92,"date":"2012-09-18T14:09:49","date_gmt":"2012-09-18T18:09:49","guid":{"rendered":"http:\/\/cpcs.draconis.ufms.br\/?page_id=92"},"modified":"2024-01-29T13:36:23","modified_gmt":"2024-01-29T17:36:23","slug":"coordenadores","status":"publish","type":"page","link":"https:\/\/cpcs.ufms.br\/en\/cursos-de-graduacao\/coordenadores\/","title":{"rendered":"Coordenadores:"},"content":{"rendered":"<p>&nbsp;<\/p>\n<div align=\"center\">\n<table style=\"border-collapse: collapse;width: 100%;height: 685px\" border=\"0\" width=\"100%\" cellspacing=\"0\" cellpadding=\"0\">\n<tbody>\n<tr style=\"height: 54px\">\n<td style=\"height: 54px;width: 100%\" colspan=\"3\" align=\"center\" width=\"33%\" height=\"54\"><span style=\"font-size: 28px\"><b>GRADUA\u00c7\u00c3O<\/b><\/span><b><\/b><\/td>\n<\/tr>\n<tr style=\"height: 66px\">\n<td style=\"height: 66px;width: 100%\" colspan=\"3\" align=\"center\" width=\"33%\" height=\"54\">\n<hr>\n<p>&nbsp;<\/td>\n<\/tr>\n<tr style=\"height: 50px\">\n<td style=\"height: 50px;width: 35.1821%\" align=\"center\" width=\"33%\" height=\"54\"><b>Coordenador do Curso de<br \/>\nAgronomia<\/b><\/td>\n<td style=\"height: 50px;width: 31.7876%\" align=\"center\" width=\"33%\" height=\"54\"><b>Coordenadora do Curso de<br \/>\nEngenharia Florestal<\/b><\/td>\n<td style=\"height: 50px;width: 33.0303%\" align=\"center\" width=\"34%\" height=\"54\"><strong>&nbsp;Coordenador do Curso de<\/strong><br \/>\n<strong>Administra\u00e7\u00e3o<\/strong><\/td>\n<\/tr>\n<tr style=\"height: 200px\">\n<td style=\"height: 6 px;width: 35.1821%\" align=\"center\" valign=\"top\" width=\"33%\" height=\"19\"><b>Coordenador:<\/b><\/p>\n<p><a href=\"https:\/\/cpcs.ufms.br\/files\/2012\/09\/web_everton.gif\"><img decoding=\"async\" class=\"aligncenter wp-image-212\" src=\"https:\/\/cpcs.ufms.br\/files\/2012\/09\/web_everton.gif\" alt=\"\" width=\"158\" height=\"199\"><\/a><\/p>\n<p>&nbsp;<\/td>\n<td style=\"height: 6 px;width: 31.7876%\" align=\"center\" valign=\"top\" width=\"33%\" height=\"19\"><b>Coordenador:<\/b><\/p>\n<p><img decoding=\"async\" class=\"aligncenter wp-image-3074\" src=\"https:\/\/cpcs.ufms.br\/files\/2016\/06\/Gileno_.jpg\" alt=\"\" width=\"158\" height=\"195\" srcset=\"https:\/\/cpcs.ufms.br\/files\/2016\/06\/Gileno_.jpg 659w, https:\/\/cpcs.ufms.br\/files\/2016\/06\/Gileno_-243x300.jpg 243w, https:\/\/cpcs.ufms.br\/files\/2016\/06\/Gileno_-260x320.jpg 260w, https:\/\/cpcs.ufms.br\/files\/2016\/06\/Gileno_-600x739.jpg 600w\" sizes=\"(max-width: 158px) 100vw, 158px\" \/><\/p>\n<p>&nbsp;<\/td>\n<td style=\"height: 6 px;width: 33.0303%\" align=\"center\" valign=\"top\" width=\"34%\" height=\"19\">&nbsp;<strong>Coordenador:<\/strong><\/p>\n<p><a href=\"https:\/\/cpcs.ufms.br\/files\/2022\/03\/francisco.jpg\"><img decoding=\"async\" class=\"aligncenter wp-image-7751\" src=\"https:\/\/cpcs.ufms.br\/files\/2022\/06\/wallace-e1655164374467.jpeg\" alt=\"\" width=\"158\" height=\"195\"><\/a>&nbsp;<\/p>\n<p>&nbsp;<\/p>\n<p>&nbsp;<\/td>\n<\/tr>\n<tr style=\"height: 67px\">\n<td style=\"text-align: left;height: 67px;width: 35.1821%\" align=\"center\" width=\"33%\" height=\"19\">\n<p style=\"padding-left: 30px\"><b>&nbsp; <strong><a href=\"https:\/\/cpcs.ufms.br\/cursos-de-graduacao\/agronomia\/everton-da-silva-neiro\/\">Everton da Silva Neiro<\/a><\/strong><\/b><\/p>\n<p>&nbsp;<\/p>\n<p>&nbsp;<\/td>\n<td style=\"text-align: left;height: 67px;width: 31.7876%\" align=\"center\" width=\"33%\" height=\"19\">\n<p style=\"padding-left: 30px\"><strong style=\"font-family: inherit;font-size: inherit\"><a href=\"https:\/\/cpcs.ufms.br\/docentes\/engenhariaflorestal\/gileno-brito-de-azevedo\/\">Gileno Brito de Azevedo<\/a><\/strong><\/p>\n<p>&nbsp;<\/p>\n<p>&nbsp;<\/td>\n<td style=\"text-align: left;height: 67px;width: 33.0303%\" align=\"center\" width=\"34%\" height=\"19\">\n<p style=\"text-align: center\"><strong><a href=\"https:\/\/cpcs.ufms.br\/docentes\/administracao\/wallace-da-silva-de-almeida\/\">Wallace da Silva de Almeida<\/a><\/strong><\/p>\n<p>&nbsp;<\/p>\n<p>&nbsp;<\/td>\n<\/tr>\n<tr style=\"height: 67px\">\n<td style=\"text-align: left;height: 67px;width: 35.1821%\" align=\"center\" width=\"33%\" height=\"19\">\n<p style=\"padding-left: 30px\"><b>&nbsp; &nbsp;E-mail: <\/b><span style=\"line-height: 19px\">agro.cpcs@ufms.br<\/span><\/p>\n<p style=\"padding-left: 30px\"><b>&nbsp; &nbsp;Telefone: <\/b>(67) 3562-6345<\/p>\n<\/td>\n<td style=\"text-align: left;height: 67px;width: 31.7876%\" align=\"center\" width=\"33%\" height=\"19\">\n<p style=\"padding-left: 30px\"><b>E-mail:&nbsp;<\/b>engfl.cpcs@ufms.br<\/p>\n<p style=\"padding-left: 30px\"><b>Telefone:&nbsp;<\/b>(67) 3562-6346<\/p>\n<\/td>\n<td style=\"text-align: left;height: 67px;width: 33.0303%\" align=\"center\" width=\"34%\" height=\"19\">\n<p style=\"text-align: center\"><b>E-mail: <\/b>adm.cpcs@ufms.br<\/p>\n<p style=\"text-align: center\"><b>Telefone:&nbsp;<\/b>(67) 3562-6310<\/p>\n<\/td>\n<\/tr>\n<tr style=\"height: 10px\">\n<td style=\"text-align: left;height: 10px;width: 35.1821%\" align=\"center\" width=\"33%\" height=\"19\">&nbsp;<\/td>\n<td style=\"text-align: center;height: 10px;width: 31.7876%\" align=\"center\" width=\"33%\" height=\"19\"><span style=\"color: #ffffff\">|<\/span><\/p>\n<p><span style=\"color: #ffffff\">|<\/span><\/p>\n<p><span style=\"color: #ffffff\">|<\/span><\/td>\n<td style=\"text-align: left;height: 10px;width: 33.0303%\" align=\"center\" width=\"34%\" height=\"19\">&nbsp;<\/td>\n<\/tr>\n<tr style=\"height: 10px\">\n<td style=\"text-align: left;height: 10px;width: 100%\" colspan=\"3\" align=\"center\" width=\"33%\" height=\"19\">\n<p style=\"padding-left: 30px;text-align: center\"><span style=\"font-size: 28px\"><b>P\u00d3S-GRADUA\u00c7\u00c3O<\/b><\/span><\/p>\n<\/td>\n<\/tr>\n<tr style=\"height: 19px\">\n<td style=\"text-align: left;height: 19px;width: 100%\" colspan=\"3\" align=\"center\" width=\"33%\" height=\"19\">\n<hr>\n<\/td>\n<\/tr>\n<tr style=\"height: 54px\">\n<td style=\"text-align: center;height: 54px;width: 35.1821%\" align=\"center\" width=\"33%\" height=\"19\">&nbsp;<\/td>\n<td style=\"text-align: center;height: 54px;width: 31.7876%\" align=\"center\" width=\"33%\" height=\"19\">\n<p style=\"padding-left: 30px\"><strong>Coordenador do Curso de<\/strong><br \/>\n<strong> P\u00f3s-Gradua\u00e7\u00e3o stricto sensu em Agronomia<\/strong><\/p>\n<\/td>\n<td style=\"text-align: left;height: 54px;width: 33.0303%\" align=\"center\" width=\"34%\" height=\"19\">&nbsp;<\/td>\n<\/tr>\n<tr style=\"height: 268px\">\n<td style=\"text-align: center;height: 268px;width: 35.1821%\" align=\"center\" width=\"33%\" height=\"19\">&nbsp;<\/td>\n<td style=\"text-align: center;height: 268px;width: 31.7876%\" align=\"center\" width=\"33%\" height=\"19\"><strong>&nbsp; &nbsp;Coordenador:<\/strong><\/p>\n<p><a href=\"https:\/\/cpcs.ufms.br\/files\/2020\/03\/pauloEduardo.jpeg\"><img loading=\"lazy\" decoding=\"async\" class=\"wp-image-6329 aligncenter\" src=\"https:\/\/cpcs.ufms.br\/files\/2020\/03\/pauloEduardo-294x300.jpeg\" alt=\"\" width=\"150\" height=\"150\" srcset=\"https:\/\/cpcs.ufms.br\/files\/2020\/03\/pauloEduardo-150x150.jpeg 150w, https:\/\/cpcs.ufms.br\/files\/2020\/03\/pauloEduardo-60x60.jpeg 60w\" sizes=\"(max-width: 150px) 100vw, 150px\" \/><\/a>&nbsp;<\/p>\n<p><strong><a href=\"https:\/\/cpcs.ufms.br\/curso-de-pos-graduacao-2\/professor-paulo-eduardo-teodoro\/\">Paulo Eduardo Teodoro<\/a><\/strong><\/td>\n<td style=\"text-align: left;height: 268px;width: 33.0303%\" align=\"center\" width=\"34%\" height=\"19\">&nbsp;<\/td>\n<\/tr>\n<tr style=\"height: 10px\">\n<td style=\"text-align: center;height: 10px;width: 35.1821%\" align=\"center\" width=\"33%\" height=\"19\">&nbsp;<\/td>\n<td style=\"text-align: center;height: 10px;width: 31.7876%\" align=\"center\" width=\"33%\" height=\"19\">&nbsp;<b>Email:&nbsp;<\/b>ppga.cpcs@ufms.br<\/p>\n<p><b>Telefone:&nbsp;<\/b>(67) 3562-6340<\/td>\n<td style=\"text-align: left;height: 10px;width: 33.0303%\" align=\"center\" width=\"34%\" height=\"19\">&nbsp;<\/td>\n<\/tr>\n<\/tbody>\n<\/table>\n<p>&nbsp;<\/p>\n<p>&nbsp;<\/p>\n<\/div>\n<p>&nbsp;<\/p>\n<p>&nbsp;<\/p>\n","protected":false},"excerpt":{"rendered":"<p>&nbsp; GRADUA\u00c7\u00c3O &nbsp; Coordenador do Curso de Agronomia Coordenadora do Curso de Engenharia Florestal &nbsp;Coordenador do Curso de Administra\u00e7\u00e3o Coordenador: &nbsp; Coordenador: &nbsp; &nbsp;Coordenador: &nbsp; &nbsp; &nbsp; &nbsp; Everton da Silva Neiro &nbsp; &nbsp; Gileno Brito de Azevedo &nbsp; &nbsp; Wallace da Silva de Almeida &nbsp; &nbsp; &nbsp; &nbsp;E-mail: agro.cpcs@ufms.br &nbsp; &nbsp;Telefone: (67) 3562-6345 E-mail:&nbsp;engfl.cpcs@ufms.br [&hellip;]<\/p>\n","protected":false},"author":106,"featured_media":0,"parent":224,"menu_order":0,"comment_status":"closed","ping_status":"open","template":"","meta":{"ngg_post_thumbnail":0,"footnotes":""},"coauthors":[27],"class_list":["post-92","page","type-page","status-publish","hentry"],"yoast_head":"<!-- This site is optimized with the Yoast SEO plugin v26.2 - https:\/\/yoast.com\/wordpress\/plugins\/seo\/ -->\n<title>Coordenadores: - Campus de Chapad\u00e3o do Sul<\/title>\n<meta name=\"robots\" content=\"index, follow, max-snippet:-1, max-image-preview:large, max-video-preview:-1\" \/>\n<link rel=\"canonical\" href=\"https:\/\/cpcs.ufms.br\/cursos-de-graduacao\/coordenadores\/\" \/>\n<meta property=\"og:locale\" content=\"en_US\" \/>\n<meta property=\"og:type\" content=\"article\" \/>\n<meta property=\"og:title\" content=\"Coordenadores: - Campus de Chapad\u00e3o do Sul\" \/>\n<meta property=\"og:description\" content=\"&nbsp; GRADUA\u00c7\u00c3O &nbsp; Coordenador do Curso de Agronomia Coordenadora do Curso de Engenharia Florestal &nbsp;Coordenador do Curso de Administra\u00e7\u00e3o Coordenador: &nbsp; Coordenador: &nbsp; &nbsp;Coordenador: &nbsp; &nbsp; &nbsp; &nbsp; Everton da Silva Neiro &nbsp; &nbsp; Gileno Brito de Azevedo &nbsp; &nbsp; Wallace da Silva de Almeida &nbsp; &nbsp; &nbsp; &nbsp;E-mail: agro.cpcs@ufms.br &nbsp; &nbsp;Telefone: (67) 3562-6345 E-mail:&nbsp;engfl.cpcs@ufms.br [&hellip;]\" \/>\n<meta property=\"og:url\" content=\"https:\/\/cpcs.ufms.br\/cursos-de-graduacao\/coordenadores\/\" \/>\n<meta property=\"og:site_name\" content=\"Campus de Chapad\u00e3o do Sul\" \/>\n<meta property=\"article:modified_time\" content=\"2024-01-29T17:36:23+00:00\" \/>\n<meta property=\"og:image\" content=\"https:\/\/cpcs.ufms.br\/files\/2012\/09\/web_everton.gif\" \/>\n<meta name=\"twitter:label1\" content=\"Est. reading time\" \/>\n\t<meta name=\"twitter:data1\" content=\"2 minutes\" \/>\n<script type=\"application\/ld+json\" class=\"yoast-schema-graph\">{\"@context\":\"https:\/\/schema.org\",\"@graph\":[{\"@type\":\"WebPage\",\"@id\":\"https:\/\/cpcs.ufms.br\/cursos-de-graduacao\/coordenadores\/\",\"url\":\"https:\/\/cpcs.ufms.br\/cursos-de-graduacao\/coordenadores\/\",\"name\":\"Coordenadores: - Campus de Chapad\u00e3o do Sul\",\"isPartOf\":{\"@id\":\"https:\/\/cpcs.ufms.br\/#website\"},\"primaryImageOfPage\":{\"@id\":\"https:\/\/cpcs.ufms.br\/cursos-de-graduacao\/coordenadores\/#primaryimage\"},\"image\":{\"@id\":\"https:\/\/cpcs.ufms.br\/cursos-de-graduacao\/coordenadores\/#primaryimage\"},\"thumbnailUrl\":\"https:\/\/cpcs.ufms.br\/files\/2012\/09\/web_everton.gif\",\"datePublished\":\"2012-09-18T18:09:49+00:00\",\"dateModified\":\"2024-01-29T17:36:23+00:00\",\"breadcrumb\":{\"@id\":\"https:\/\/cpcs.ufms.br\/cursos-de-graduacao\/coordenadores\/#breadcrumb\"},\"inLanguage\":\"en-US\",\"potentialAction\":[{\"@type\":\"ReadAction\",\"target\":[\"https:\/\/cpcs.ufms.br\/cursos-de-graduacao\/coordenadores\/\"]}]},{\"@type\":\"ImageObject\",\"inLanguage\":\"en-US\",\"@id\":\"https:\/\/cpcs.ufms.br\/cursos-de-graduacao\/coordenadores\/#primaryimage\",\"url\":\"https:\/\/cpcs.ufms.br\/files\/2012\/09\/web_everton.gif\",\"contentUrl\":\"https:\/\/cpcs.ufms.br\/files\/2012\/09\/web_everton.gif\"},{\"@type\":\"BreadcrumbList\",\"@id\":\"https:\/\/cpcs.ufms.br\/cursos-de-graduacao\/coordenadores\/#breadcrumb\",\"itemListElement\":[{\"@type\":\"ListItem\",\"position\":1,\"name\":\"In\u00edcio\",\"item\":\"https:\/\/cpcs.ufms.br\/\"},{\"@type\":\"ListItem\",\"position\":2,\"name\":\"Cursos de Gradua\u00e7\u00e3o\",\"item\":\"https:\/\/cpcs.ufms.br\/cursos-de-graduacao\/\"},{\"@type\":\"ListItem\",\"position\":3,\"name\":\"Coordenadores:\"}]},{\"@type\":\"WebSite\",\"@id\":\"https:\/\/cpcs.ufms.br\/#website\",\"url\":\"https:\/\/cpcs.ufms.br\/\",\"name\":\"Campus de Chapad\u00e3o do Sul\",\"description\":\"Universidade Federal de Mato Grosso do Sul\",\"potentialAction\":[{\"@type\":\"SearchAction\",\"target\":{\"@type\":\"EntryPoint\",\"urlTemplate\":\"https:\/\/cpcs.ufms.br\/?s={search_term_string}\"},\"query-input\":{\"@type\":\"PropertyValueSpecification\",\"valueRequired\":true,\"valueName\":\"search_term_string\"}}],\"inLanguage\":\"en-US\"}]}<\/script>\n<!-- \/ Yoast SEO plugin. -->","yoast_head_json":{"title":"Coordenadores: - Campus de Chapad\u00e3o do Sul","robots":{"index":"index","follow":"follow","max-snippet":"max-snippet:-1","max-image-preview":"max-image-preview:large","max-video-preview":"max-video-preview:-1"},"canonical":"https:\/\/cpcs.ufms.br\/cursos-de-graduacao\/coordenadores\/","og_locale":"en_US","og_type":"article","og_title":"Coordenadores: - Campus de Chapad\u00e3o do Sul","og_description":"&nbsp; GRADUA\u00c7\u00c3O &nbsp; Coordenador do Curso de Agronomia Coordenadora do Curso de Engenharia Florestal &nbsp;Coordenador do Curso de Administra\u00e7\u00e3o Coordenador: &nbsp; Coordenador: &nbsp; &nbsp;Coordenador: &nbsp; &nbsp; &nbsp; &nbsp; Everton da Silva Neiro &nbsp; &nbsp; Gileno Brito de Azevedo &nbsp; &nbsp; Wallace da Silva de Almeida &nbsp; &nbsp; &nbsp; &nbsp;E-mail: agro.cpcs@ufms.br &nbsp; &nbsp;Telefone: (67) 3562-6345 E-mail:&nbsp;engfl.cpcs@ufms.br [&hellip;]","og_url":"https:\/\/cpcs.ufms.br\/cursos-de-graduacao\/coordenadores\/","og_site_name":"Campus de Chapad\u00e3o do Sul","article_modified_time":"2024-01-29T17:36:23+00:00","og_image":[{"url":"https:\/\/cpcs.ufms.br\/files\/2012\/09\/web_everton.gif","type":"","width":"","height":""}],"twitter_misc":{"Est. reading time":"2 minutes"},"schema":{"@context":"https:\/\/schema.org","@graph":[{"@type":"WebPage","@id":"https:\/\/cpcs.ufms.br\/cursos-de-graduacao\/coordenadores\/","url":"https:\/\/cpcs.ufms.br\/cursos-de-graduacao\/coordenadores\/","name":"Coordenadores: - Campus de Chapad\u00e3o do Sul","isPartOf":{"@id":"https:\/\/cpcs.ufms.br\/#website"},"primaryImageOfPage":{"@id":"https:\/\/cpcs.ufms.br\/cursos-de-graduacao\/coordenadores\/#primaryimage"},"image":{"@id":"https:\/\/cpcs.ufms.br\/cursos-de-graduacao\/coordenadores\/#primaryimage"},"thumbnailUrl":"https:\/\/cpcs.ufms.br\/files\/2012\/09\/web_everton.gif","datePublished":"2012-09-18T18:09:49+00:00","dateModified":"2024-01-29T17:36:23+00:00","breadcrumb":{"@id":"https:\/\/cpcs.ufms.br\/cursos-de-graduacao\/coordenadores\/#breadcrumb"},"inLanguage":"en-US","potentialAction":[{"@type":"ReadAction","target":["https:\/\/cpcs.ufms.br\/cursos-de-graduacao\/coordenadores\/"]}]},{"@type":"ImageObject","inLanguage":"en-US","@id":"https:\/\/cpcs.ufms.br\/cursos-de-graduacao\/coordenadores\/#primaryimage","url":"https:\/\/cpcs.ufms.br\/files\/2012\/09\/web_everton.gif","contentUrl":"https:\/\/cpcs.ufms.br\/files\/2012\/09\/web_everton.gif"},{"@type":"BreadcrumbList","@id":"https:\/\/cpcs.ufms.br\/cursos-de-graduacao\/coordenadores\/#breadcrumb","itemListElement":[{"@type":"ListItem","position":1,"name":"In\u00edcio","item":"https:\/\/cpcs.ufms.br\/"},{"@type":"ListItem","position":2,"name":"Cursos de Gradua\u00e7\u00e3o","item":"https:\/\/cpcs.ufms.br\/cursos-de-graduacao\/"},{"@type":"ListItem","position":3,"name":"Coordenadores:"}]},{"@type":"WebSite","@id":"https:\/\/cpcs.ufms.br\/#website","url":"https:\/\/cpcs.ufms.br\/","name":"Campus de Chapad\u00e3o do Sul","description":"Universidade Federal de Mato Grosso do Sul","potentialAction":[{"@type":"SearchAction","target":{"@type":"EntryPoint","urlTemplate":"https:\/\/cpcs.ufms.br\/?s={search_term_string}"},"query-input":{"@type":"PropertyValueSpecification","valueRequired":true,"valueName":"search_term_string"}}],"inLanguage":"en-US"}]}},"_links":{"self":[{"href":"https:\/\/cpcs.ufms.br\/en\/wp-json\/wp\/v2\/pages\/92","targetHints":{"allow":["GET"]}}],"collection":[{"href":"https:\/\/cpcs.ufms.br\/en\/wp-json\/wp\/v2\/pages"}],"about":[{"href":"https:\/\/cpcs.ufms.br\/en\/wp-json\/wp\/v2\/types\/page"}],"author":[{"embeddable":true,"href":"https:\/\/cpcs.ufms.br\/en\/wp-json\/wp\/v2\/users\/106"}],"replies":[{"embeddable":true,"href":"https:\/\/cpcs.ufms.br\/en\/wp-json\/wp\/v2\/comments?post=92"}],"version-history":[{"count":29,"href":"https:\/\/cpcs.ufms.br\/en\/wp-json\/wp\/v2\/pages\/92\/revisions"}],"predecessor-version":[{"id":11806,"href":"https:\/\/cpcs.ufms.br\/en\/wp-json\/wp\/v2\/pages\/92\/revisions\/11806"}],"up":[{"embeddable":true,"href":"https:\/\/cpcs.ufms.br\/en\/wp-json\/wp\/v2\/pages\/224"}],"wp:attachment":[{"href":"https:\/\/cpcs.ufms.br\/en\/wp-json\/wp\/v2\/media?parent=92"}],"wp:term":[{"taxonomy":"author","embeddable":true,"href":"https:\/\/cpcs.ufms.br\/en\/wp-json\/wp\/v2\/coauthors?post=92"}],"curies":[{"name":"wp","href":"https:\/\/api.w.org\/{rel}","templated":true}]}}