{"id":3499,"date":"2018-01-24T14:30:56","date_gmt":"2018-01-24T18:30:56","guid":{"rendered":"https:\/\/cpcs.ufms.br\/?page_id=3499"},"modified":"2022-06-13T20:36:01","modified_gmt":"2022-06-14T00:36:01","slug":"francisco-de-assis-da-silva-medeiros","status":"publish","type":"page","link":"https:\/\/cpcs.ufms.br\/en\/cursos-de-graduacao\/coordenadores\/francisco-de-assis-da-silva-medeiros\/","title":{"rendered":"Francisco de Assis da Silva Medeiros"},"content":{"rendered":"<p style=\"text-align: center\"><a href=\"https:\/\/cpcs.ufms.br\/files\/2018\/01\/DSC_0579.jpg\"><img decoding=\"async\" class=\"aligncenter wp-image-3500\" src=\"https:\/\/cpcs.ufms.br\/files\/2018\/01\/DSC_0579.jpg\" alt=\"\" width=\"223\" height=\"148\" srcset=\"https:\/\/cpcs.ufms.br\/files\/2018\/01\/DSC_0579.jpg 1024w, https:\/\/cpcs.ufms.br\/files\/2018\/01\/DSC_0579-300x200.jpg 300w, https:\/\/cpcs.ufms.br\/files\/2018\/01\/DSC_0579-768x512.jpg 768w, https:\/\/cpcs.ufms.br\/files\/2018\/01\/DSC_0579-480x320.jpg 480w, https:\/\/cpcs.ufms.br\/files\/2018\/01\/DSC_0579-350x233.jpg 350w, https:\/\/cpcs.ufms.br\/files\/2018\/01\/DSC_0579-600x400.jpg 600w\" sizes=\"(max-width: 223px) 100vw, 223px\" \/><\/a><\/p>\n<table border=\"0\" width=\"100%\" cellpadding=\"0\">\n<tbody>\n<tr>\n<td width=\"17%\"><strong>Doutorado<\/strong><\/td>\n<td width=\"80%\">Gest\u00e3o &#8211; UTAD &#8211; Vila Real &#8211; Portugal &#8211; Revalidado &#8211; Administra\u00e7\u00e3o &#8211; UFRJ&nbsp;&#8211; 2016.<\/td>\n<\/tr>\n<tr>\n<td width=\"17%\"><strong>Mestrado<\/strong><\/td>\n<td width=\"80%\">Engenharia de Produ\u00e7\u00e3o, UFAM &#8211; 2002.<\/td>\n<\/tr>\n<tr>\n<td width=\"17%\"><strong>Gradua\u00e7\u00e3o<\/strong><\/td>\n<td width=\"80%\">Administra\u00e7\u00e3o, UFAM &#8211; 1996.<\/td>\n<\/tr>\n<\/tbody>\n<\/table>\n<p>&nbsp;<\/p>\n<p><strong>\u00c1reas e Linhas de Pesquisa:<\/strong><\/p>\n<ul>\n<li>Gest\u00e3o Estrat\u00e9gica<\/li>\n<li>Empreendedorismo<\/li>\n<li>Inova\u00e7\u00e3o<\/li>\n<li>Desenvolvimento Regional<\/li>\n<li>Modelo H\u00e9lice Tr\u00edplice<\/li>\n<\/ul>\n<p>&nbsp;<\/p>\n<p><strong>E-mail:<\/strong> francisco.medeiros@ufms.br<\/p>\n<p><strong>Telefone:<\/strong>&nbsp;(67) 3562-6310<\/p>\n<p style=\"text-align: center\"><a href=\"http:\/\/lattes.cnpq.br\/3147430434905168\" target=\"_blank\" rel=\"noopener noreferrer\">(Curr\u00edculo &#8211; Plataforma Lattes)<\/a><\/p>\n","protected":false},"excerpt":{"rendered":"<p>Doutorado Gest\u00e3o &#8211; UTAD &#8211; Vila Real &#8211; Portugal &#8211; Revalidado &#8211; Administra\u00e7\u00e3o &#8211; UFRJ&nbsp;&#8211; 2016. Mestrado Engenharia de Produ\u00e7\u00e3o, UFAM &#8211; 2002. Gradua\u00e7\u00e3o Administra\u00e7\u00e3o, UFAM &#8211; 1996. &nbsp; \u00c1reas e Linhas de Pesquisa: Gest\u00e3o Estrat\u00e9gica Empreendedorismo Inova\u00e7\u00e3o Desenvolvimento Regional Modelo H\u00e9lice Tr\u00edplice &nbsp; E-mail: francisco.medeiros@ufms.br Telefone:&nbsp;(67) 3562-6310 (Curr\u00edculo &#8211; Plataforma Lattes)<\/p>\n","protected":false},"author":3221,"featured_media":0,"parent":92,"menu_order":0,"comment_status":"closed","ping_status":"closed","template":"","meta":{"ngg_post_thumbnail":0,"footnotes":""},"coauthors":[32],"class_list":["post-3499","page","type-page","status-publish","hentry"],"yoast_head":"<!-- This site is optimized with the Yoast SEO plugin v26.2 - https:\/\/yoast.com\/wordpress\/plugins\/seo\/ -->\n<title>Francisco de Assis da Silva Medeiros - Campus de Chapad\u00e3o do Sul<\/title>\n<meta name=\"robots\" content=\"index, follow, max-snippet:-1, max-image-preview:large, max-video-preview:-1\" \/>\n<link rel=\"canonical\" href=\"https:\/\/cpcs.ufms.br\/cursos-de-graduacao\/coordenadores\/francisco-de-assis-da-silva-medeiros\/\" \/>\n<meta property=\"og:locale\" content=\"en_US\" \/>\n<meta property=\"og:type\" content=\"article\" \/>\n<meta property=\"og:title\" content=\"Francisco de Assis da Silva Medeiros - Campus de Chapad\u00e3o do Sul\" \/>\n<meta property=\"og:description\" content=\"Doutorado Gest\u00e3o &#8211; UTAD &#8211; Vila Real &#8211; Portugal &#8211; Revalidado &#8211; Administra\u00e7\u00e3o &#8211; UFRJ&nbsp;&#8211; 2016. Mestrado Engenharia de Produ\u00e7\u00e3o, UFAM &#8211; 2002. Gradua\u00e7\u00e3o Administra\u00e7\u00e3o, UFAM &#8211; 1996. &nbsp; \u00c1reas e Linhas de Pesquisa: Gest\u00e3o Estrat\u00e9gica Empreendedorismo Inova\u00e7\u00e3o Desenvolvimento Regional Modelo H\u00e9lice Tr\u00edplice &nbsp; E-mail: francisco.medeiros@ufms.br Telefone:&nbsp;(67) 3562-6310 (Curr\u00edculo &#8211; Plataforma Lattes)\" \/>\n<meta property=\"og:url\" content=\"https:\/\/cpcs.ufms.br\/cursos-de-graduacao\/coordenadores\/francisco-de-assis-da-silva-medeiros\/\" \/>\n<meta property=\"og:site_name\" content=\"Campus de Chapad\u00e3o do Sul\" \/>\n<meta property=\"article:modified_time\" content=\"2022-06-14T00:36:01+00:00\" \/>\n<meta property=\"og:image\" content=\"https:\/\/cpcs.ufms.br\/files\/2018\/01\/DSC_0579.jpg\" \/>\n<meta name=\"twitter:label1\" content=\"Est. reading time\" \/>\n\t<meta name=\"twitter:data1\" content=\"1 minute\" \/>\n\t<meta name=\"twitter:label2\" content=\"Written by\" \/>\n\t<meta name=\"twitter:data2\" content=\"Vilela Bezerra\" \/>\n<script type=\"application\/ld+json\" class=\"yoast-schema-graph\">{\"@context\":\"https:\/\/schema.org\",\"@graph\":[{\"@type\":\"WebPage\",\"@id\":\"https:\/\/cpcs.ufms.br\/cursos-de-graduacao\/coordenadores\/francisco-de-assis-da-silva-medeiros\/\",\"url\":\"https:\/\/cpcs.ufms.br\/cursos-de-graduacao\/coordenadores\/francisco-de-assis-da-silva-medeiros\/\",\"name\":\"Francisco de Assis da Silva Medeiros - Campus de Chapad\u00e3o do Sul\",\"isPartOf\":{\"@id\":\"https:\/\/cpcs.ufms.br\/#website\"},\"primaryImageOfPage\":{\"@id\":\"https:\/\/cpcs.ufms.br\/cursos-de-graduacao\/coordenadores\/francisco-de-assis-da-silva-medeiros\/#primaryimage\"},\"image\":{\"@id\":\"https:\/\/cpcs.ufms.br\/cursos-de-graduacao\/coordenadores\/francisco-de-assis-da-silva-medeiros\/#primaryimage\"},\"thumbnailUrl\":\"https:\/\/cpcs.ufms.br\/files\/2018\/01\/DSC_0579.jpg\",\"datePublished\":\"2018-01-24T18:30:56+00:00\",\"dateModified\":\"2022-06-14T00:36:01+00:00\",\"breadcrumb\":{\"@id\":\"https:\/\/cpcs.ufms.br\/cursos-de-graduacao\/coordenadores\/francisco-de-assis-da-silva-medeiros\/#breadcrumb\"},\"inLanguage\":\"en-US\",\"potentialAction\":[{\"@type\":\"ReadAction\",\"target\":[\"https:\/\/cpcs.ufms.br\/cursos-de-graduacao\/coordenadores\/francisco-de-assis-da-silva-medeiros\/\"]}]},{\"@type\":\"ImageObject\",\"inLanguage\":\"en-US\",\"@id\":\"https:\/\/cpcs.ufms.br\/cursos-de-graduacao\/coordenadores\/francisco-de-assis-da-silva-medeiros\/#primaryimage\",\"url\":\"https:\/\/cpcs.ufms.br\/files\/2018\/01\/DSC_0579.jpg\",\"contentUrl\":\"https:\/\/cpcs.ufms.br\/files\/2018\/01\/DSC_0579.jpg\"},{\"@type\":\"BreadcrumbList\",\"@id\":\"https:\/\/cpcs.ufms.br\/cursos-de-graduacao\/coordenadores\/francisco-de-assis-da-silva-medeiros\/#breadcrumb\",\"itemListElement\":[{\"@type\":\"ListItem\",\"position\":1,\"name\":\"In\u00edcio\",\"item\":\"https:\/\/cpcs.ufms.br\/\"},{\"@type\":\"ListItem\",\"position\":2,\"name\":\"Cursos de Gradua\u00e7\u00e3o\",\"item\":\"https:\/\/cpcs.ufms.br\/cursos-de-graduacao\/\"},{\"@type\":\"ListItem\",\"position\":3,\"name\":\"Coordenadores:\",\"item\":\"https:\/\/cpcs.ufms.br\/cursos-de-graduacao\/coordenadores\/\"},{\"@type\":\"ListItem\",\"position\":4,\"name\":\"Francisco de Assis da Silva Medeiros\"}]},{\"@type\":\"WebSite\",\"@id\":\"https:\/\/cpcs.ufms.br\/#website\",\"url\":\"https:\/\/cpcs.ufms.br\/\",\"name\":\"Campus de Chapad\u00e3o do Sul\",\"description\":\"Universidade Federal de Mato Grosso do Sul\",\"potentialAction\":[{\"@type\":\"SearchAction\",\"target\":{\"@type\":\"EntryPoint\",\"urlTemplate\":\"https:\/\/cpcs.ufms.br\/?s={search_term_string}\"},\"query-input\":{\"@type\":\"PropertyValueSpecification\",\"valueRequired\":true,\"valueName\":\"search_term_string\"}}],\"inLanguage\":\"en-US\"}]}<\/script>\n<!-- \/ Yoast SEO plugin. -->","yoast_head_json":{"title":"Francisco de Assis da Silva Medeiros - Campus de Chapad\u00e3o do Sul","robots":{"index":"index","follow":"follow","max-snippet":"max-snippet:-1","max-image-preview":"max-image-preview:large","max-video-preview":"max-video-preview:-1"},"canonical":"https:\/\/cpcs.ufms.br\/cursos-de-graduacao\/coordenadores\/francisco-de-assis-da-silva-medeiros\/","og_locale":"en_US","og_type":"article","og_title":"Francisco de Assis da Silva Medeiros - Campus de Chapad\u00e3o do Sul","og_description":"Doutorado Gest\u00e3o &#8211; UTAD &#8211; Vila Real &#8211; Portugal &#8211; Revalidado &#8211; Administra\u00e7\u00e3o &#8211; UFRJ&nbsp;&#8211; 2016. Mestrado Engenharia de Produ\u00e7\u00e3o, UFAM &#8211; 2002. Gradua\u00e7\u00e3o Administra\u00e7\u00e3o, UFAM &#8211; 1996. &nbsp; \u00c1reas e Linhas de Pesquisa: Gest\u00e3o Estrat\u00e9gica Empreendedorismo Inova\u00e7\u00e3o Desenvolvimento Regional Modelo H\u00e9lice Tr\u00edplice &nbsp; E-mail: francisco.medeiros@ufms.br Telefone:&nbsp;(67) 3562-6310 (Curr\u00edculo &#8211; Plataforma Lattes)","og_url":"https:\/\/cpcs.ufms.br\/cursos-de-graduacao\/coordenadores\/francisco-de-assis-da-silva-medeiros\/","og_site_name":"Campus de Chapad\u00e3o do Sul","article_modified_time":"2022-06-14T00:36:01+00:00","og_image":[{"url":"https:\/\/cpcs.ufms.br\/files\/2018\/01\/DSC_0579.jpg","type":"","width":"","height":""}],"twitter_misc":{"Est. reading time":"1 minute","Written by":"Vilela Bezerra"},"schema":{"@context":"https:\/\/schema.org","@graph":[{"@type":"WebPage","@id":"https:\/\/cpcs.ufms.br\/cursos-de-graduacao\/coordenadores\/francisco-de-assis-da-silva-medeiros\/","url":"https:\/\/cpcs.ufms.br\/cursos-de-graduacao\/coordenadores\/francisco-de-assis-da-silva-medeiros\/","name":"Francisco de Assis da Silva Medeiros - Campus de Chapad\u00e3o do Sul","isPartOf":{"@id":"https:\/\/cpcs.ufms.br\/#website"},"primaryImageOfPage":{"@id":"https:\/\/cpcs.ufms.br\/cursos-de-graduacao\/coordenadores\/francisco-de-assis-da-silva-medeiros\/#primaryimage"},"image":{"@id":"https:\/\/cpcs.ufms.br\/cursos-de-graduacao\/coordenadores\/francisco-de-assis-da-silva-medeiros\/#primaryimage"},"thumbnailUrl":"https:\/\/cpcs.ufms.br\/files\/2018\/01\/DSC_0579.jpg","datePublished":"2018-01-24T18:30:56+00:00","dateModified":"2022-06-14T00:36:01+00:00","breadcrumb":{"@id":"https:\/\/cpcs.ufms.br\/cursos-de-graduacao\/coordenadores\/francisco-de-assis-da-silva-medeiros\/#breadcrumb"},"inLanguage":"en-US","potentialAction":[{"@type":"ReadAction","target":["https:\/\/cpcs.ufms.br\/cursos-de-graduacao\/coordenadores\/francisco-de-assis-da-silva-medeiros\/"]}]},{"@type":"ImageObject","inLanguage":"en-US","@id":"https:\/\/cpcs.ufms.br\/cursos-de-graduacao\/coordenadores\/francisco-de-assis-da-silva-medeiros\/#primaryimage","url":"https:\/\/cpcs.ufms.br\/files\/2018\/01\/DSC_0579.jpg","contentUrl":"https:\/\/cpcs.ufms.br\/files\/2018\/01\/DSC_0579.jpg"},{"@type":"BreadcrumbList","@id":"https:\/\/cpcs.ufms.br\/cursos-de-graduacao\/coordenadores\/francisco-de-assis-da-silva-medeiros\/#breadcrumb","itemListElement":[{"@type":"ListItem","position":1,"name":"In\u00edcio","item":"https:\/\/cpcs.ufms.br\/"},{"@type":"ListItem","position":2,"name":"Cursos de Gradua\u00e7\u00e3o","item":"https:\/\/cpcs.ufms.br\/cursos-de-graduacao\/"},{"@type":"ListItem","position":3,"name":"Coordenadores:","item":"https:\/\/cpcs.ufms.br\/cursos-de-graduacao\/coordenadores\/"},{"@type":"ListItem","position":4,"name":"Francisco de Assis da Silva Medeiros"}]},{"@type":"WebSite","@id":"https:\/\/cpcs.ufms.br\/#website","url":"https:\/\/cpcs.ufms.br\/","name":"Campus de Chapad\u00e3o do Sul","description":"Universidade Federal de Mato Grosso do Sul","potentialAction":[{"@type":"SearchAction","target":{"@type":"EntryPoint","urlTemplate":"https:\/\/cpcs.ufms.br\/?s={search_term_string}"},"query-input":{"@type":"PropertyValueSpecification","valueRequired":true,"valueName":"search_term_string"}}],"inLanguage":"en-US"}]}},"_links":{"self":[{"href":"https:\/\/cpcs.ufms.br\/en\/wp-json\/wp\/v2\/pages\/3499","targetHints":{"allow":["GET"]}}],"collection":[{"href":"https:\/\/cpcs.ufms.br\/en\/wp-json\/wp\/v2\/pages"}],"about":[{"href":"https:\/\/cpcs.ufms.br\/en\/wp-json\/wp\/v2\/types\/page"}],"author":[{"embeddable":true,"href":"https:\/\/cpcs.ufms.br\/en\/wp-json\/wp\/v2\/users\/3221"}],"replies":[{"embeddable":true,"href":"https:\/\/cpcs.ufms.br\/en\/wp-json\/wp\/v2\/comments?post=3499"}],"version-history":[{"count":6,"href":"https:\/\/cpcs.ufms.br\/en\/wp-json\/wp\/v2\/pages\/3499\/revisions"}],"predecessor-version":[{"id":8235,"href":"https:\/\/cpcs.ufms.br\/en\/wp-json\/wp\/v2\/pages\/3499\/revisions\/8235"}],"up":[{"embeddable":true,"href":"https:\/\/cpcs.ufms.br\/en\/wp-json\/wp\/v2\/pages\/92"}],"wp:attachment":[{"href":"https:\/\/cpcs.ufms.br\/en\/wp-json\/wp\/v2\/media?parent=3499"}],"wp:term":[{"taxonomy":"author","embeddable":true,"href":"https:\/\/cpcs.ufms.br\/en\/wp-json\/wp\/v2\/coauthors?post=3499"}],"curies":[{"name":"wp","href":"https:\/\/api.w.org\/{rel}","templated":true}]}}