{"id":10231,"date":"2023-12-21T14:28:22","date_gmt":"2023-12-21T18:28:22","guid":{"rendered":"https:\/\/cpcs.ufms.br\/?page_id=10231"},"modified":"2023-12-21T17:09:44","modified_gmt":"2023-12-21T21:09:44","slug":"profrociolopez","status":"publish","type":"page","link":"https:\/\/cpcs.ufms.br\/en\/profrociolopez\/","title":{"rendered":"Roc\u00edo Del Pilar L\u00f3pez Cabana"},"content":{"rendered":"<p style=\"text-align: center\"><a href=\"https:\/\/cpcs.ufms.br\/files\/2023\/12\/rocioprof.34.jpeg\"><img decoding=\"async\" class=\"aligncenter size-medium wp-image-10232\" src=\"https:\/\/cpcs.ufms.br\/files\/2023\/12\/rocioprof.34-166x300.jpeg\" alt=\"\" width=\"166\" height=\"300\" srcset=\"https:\/\/cpcs.ufms.br\/files\/2023\/12\/rocioprof.34-166x300.jpeg 166w, https:\/\/cpcs.ufms.br\/files\/2023\/12\/rocioprof.34-177x320.jpeg 177w, https:\/\/cpcs.ufms.br\/files\/2023\/12\/rocioprof.34.jpeg 296w\" sizes=\"(max-width: 166px) 100vw, 166px\" \/><\/a><\/p>\n<table style=\"width: 100%;height: 133px\" border=\"0\" width=\"100%\" cellpadding=\"0\">\n<tbody>\n<tr style=\"height: 44px\">\n<td style=\"vertical-align: top;height: 44px;width: 12.9396%\" width=\"17%\">Doutorado:<\/td>\n<td style=\"vertical-align: top;height: 44px;width: 84.0604%\" width=\"80%\"><strong>Administra\u00e7\u00e3o &#8211; UEM &#8211; Universidade Estadual de Maring\u00e1 &#8211; 2019.<\/strong><\/td>\n<\/tr>\n<tr style=\"height: 44px\">\n<td style=\"vertical-align: top;height: 44px;width: 12.9396%\" width=\"17%\">Mestrado:<\/td>\n<td style=\"vertical-align: top;height: 44px;width: 84.0604%\" width=\"80%\"><strong>Administra\u00e7\u00e3o &#8211; UEM &#8211; Universidade Estadual de Maring\u00e1 &#8211; 2014.<\/strong><\/td>\n<\/tr>\n<tr style=\"height: 20px\">\n<td style=\"vertical-align: top;height: 45px;width: 12.9396%\" width=\"17%\">Gradua\u00e7\u00e3o:<\/td>\n<td style=\"width: 84.0604%;vertical-align: top;height: 45px\" width=\"80%\"><strong>Administra\u00e7\u00e3o &#8211; UEM &#8211; Universidade Estadual de Maring\u00e1 &#8211; 2011.<\/strong><\/p>\n<p><strong>Educa\u00e7\u00e3o Art\u00edstica &#8211; FAFICILE &#8211; Faculdade de Filosofia Ci\u00eancias e Letras de Tatu\u00ed &#8211; 2005.<\/strong><\/td>\n<\/tr>\n<\/tbody>\n<\/table>\n<p>&nbsp;<\/p>\n<p>\u00c1reas e Linhas de Pesquisa:<\/p>\n<ul>\n<li><strong>Estudos Organizacionais<\/strong><\/li>\n<li><strong>Cotidiano organizacional<\/strong><\/li>\n<li><strong>Hist\u00f3ria, Mem\u00f3ria, Identidade e Alteridade nas Organiza\u00e7\u00f5es<\/strong><\/li>\n<\/ul>\n<p>&nbsp;<\/p>\n<p>E-mail: <strong>rocio.lopez@ufms.br<\/strong><a href=\"#\"><br \/>\n<\/a><\/p>\n<p>Telefone:<strong>\u00a0(67) 3562-6310<\/strong><\/p>\n<p>&nbsp;<\/p>\n<p style=\"text-align: center\"><strong><a href=\"http:\/\/lattes.cnpq.br\/6561005662507063\" target=\"_blank\" rel=\"noopener\">(Curr\u00edculo \u2013 Plataforma Lattes)<\/a><\/strong><\/p>\n<p>&nbsp;<\/p>\n","protected":false},"excerpt":{"rendered":"<p>Doutorado: Administra\u00e7\u00e3o &#8211; UEM &#8211; Universidade Estadual de Maring\u00e1 &#8211; 2019. Mestrado: Administra\u00e7\u00e3o &#8211; UEM &#8211; Universidade Estadual de Maring\u00e1 &#8211; 2014. Gradua\u00e7\u00e3o: Administra\u00e7\u00e3o &#8211; UEM &#8211; Universidade Estadual de Maring\u00e1 &#8211; 2011. Educa\u00e7\u00e3o Art\u00edstica &#8211; FAFICILE &#8211; Faculdade de Filosofia Ci\u00eancias e Letras de Tatu\u00ed &#8211; 2005. &nbsp; \u00c1reas e Linhas de Pesquisa: Estudos [&hellip;]<\/p>\n","protected":false},"author":3221,"featured_media":0,"parent":0,"menu_order":0,"comment_status":"closed","ping_status":"closed","template":"","meta":{"ngg_post_thumbnail":0,"footnotes":""},"coauthors":[32],"class_list":["post-10231","page","type-page","status-publish","hentry"],"yoast_head":"<!-- This site is optimized with the Yoast SEO plugin v26.2 - https:\/\/yoast.com\/wordpress\/plugins\/seo\/ -->\n<title>Roc\u00edo Del Pilar L\u00f3pez Cabana - Campus de Chapad\u00e3o do Sul<\/title>\n<meta name=\"robots\" content=\"index, follow, max-snippet:-1, max-image-preview:large, max-video-preview:-1\" \/>\n<link rel=\"canonical\" href=\"https:\/\/cpcs.ufms.br\/profrociolopez\/\" \/>\n<meta property=\"og:locale\" content=\"en_US\" \/>\n<meta property=\"og:type\" content=\"article\" \/>\n<meta property=\"og:title\" content=\"Roc\u00edo Del Pilar L\u00f3pez Cabana - Campus de Chapad\u00e3o do Sul\" \/>\n<meta property=\"og:description\" content=\"Doutorado: Administra\u00e7\u00e3o &#8211; UEM &#8211; Universidade Estadual de Maring\u00e1 &#8211; 2019. Mestrado: Administra\u00e7\u00e3o &#8211; UEM &#8211; Universidade Estadual de Maring\u00e1 &#8211; 2014. Gradua\u00e7\u00e3o: Administra\u00e7\u00e3o &#8211; UEM &#8211; Universidade Estadual de Maring\u00e1 &#8211; 2011. Educa\u00e7\u00e3o Art\u00edstica &#8211; FAFICILE &#8211; Faculdade de Filosofia Ci\u00eancias e Letras de Tatu\u00ed &#8211; 2005. &nbsp; \u00c1reas e Linhas de Pesquisa: Estudos [&hellip;]\" \/>\n<meta property=\"og:url\" content=\"https:\/\/cpcs.ufms.br\/profrociolopez\/\" \/>\n<meta property=\"og:site_name\" content=\"Campus de Chapad\u00e3o do Sul\" \/>\n<meta property=\"article:modified_time\" content=\"2023-12-21T21:09:44+00:00\" \/>\n<meta property=\"og:image\" content=\"https:\/\/cpcs.ufms.br\/files\/2023\/12\/rocioprof.34-166x300.jpeg\" \/>\n<meta name=\"twitter:label1\" content=\"Est. reading time\" \/>\n\t<meta name=\"twitter:data1\" content=\"1 minute\" \/>\n\t<meta name=\"twitter:label2\" content=\"Written by\" \/>\n\t<meta name=\"twitter:data2\" content=\"Vilela Bezerra\" \/>\n<script type=\"application\/ld+json\" class=\"yoast-schema-graph\">{\"@context\":\"https:\/\/schema.org\",\"@graph\":[{\"@type\":\"WebPage\",\"@id\":\"https:\/\/cpcs.ufms.br\/profrociolopez\/\",\"url\":\"https:\/\/cpcs.ufms.br\/profrociolopez\/\",\"name\":\"Roc\u00edo Del Pilar L\u00f3pez Cabana - Campus de Chapad\u00e3o do Sul\",\"isPartOf\":{\"@id\":\"https:\/\/cpcs.ufms.br\/#website\"},\"primaryImageOfPage\":{\"@id\":\"https:\/\/cpcs.ufms.br\/profrociolopez\/#primaryimage\"},\"image\":{\"@id\":\"https:\/\/cpcs.ufms.br\/profrociolopez\/#primaryimage\"},\"thumbnailUrl\":\"https:\/\/cpcs.ufms.br\/files\/2023\/12\/rocioprof.34-166x300.jpeg\",\"datePublished\":\"2023-12-21T18:28:22+00:00\",\"dateModified\":\"2023-12-21T21:09:44+00:00\",\"breadcrumb\":{\"@id\":\"https:\/\/cpcs.ufms.br\/profrociolopez\/#breadcrumb\"},\"inLanguage\":\"en-US\",\"potentialAction\":[{\"@type\":\"ReadAction\",\"target\":[\"https:\/\/cpcs.ufms.br\/profrociolopez\/\"]}]},{\"@type\":\"ImageObject\",\"inLanguage\":\"en-US\",\"@id\":\"https:\/\/cpcs.ufms.br\/profrociolopez\/#primaryimage\",\"url\":\"https:\/\/cpcs.ufms.br\/files\/2023\/12\/rocioprof.34-166x300.jpeg\",\"contentUrl\":\"https:\/\/cpcs.ufms.br\/files\/2023\/12\/rocioprof.34-166x300.jpeg\"},{\"@type\":\"BreadcrumbList\",\"@id\":\"https:\/\/cpcs.ufms.br\/profrociolopez\/#breadcrumb\",\"itemListElement\":[{\"@type\":\"ListItem\",\"position\":1,\"name\":\"In\u00edcio\",\"item\":\"https:\/\/cpcs.ufms.br\/\"},{\"@type\":\"ListItem\",\"position\":2,\"name\":\"Roc\u00edo Del Pilar L\u00f3pez Cabana\"}]},{\"@type\":\"WebSite\",\"@id\":\"https:\/\/cpcs.ufms.br\/#website\",\"url\":\"https:\/\/cpcs.ufms.br\/\",\"name\":\"Campus de Chapad\u00e3o do Sul\",\"description\":\"Universidade Federal de Mato Grosso do Sul\",\"potentialAction\":[{\"@type\":\"SearchAction\",\"target\":{\"@type\":\"EntryPoint\",\"urlTemplate\":\"https:\/\/cpcs.ufms.br\/?s={search_term_string}\"},\"query-input\":{\"@type\":\"PropertyValueSpecification\",\"valueRequired\":true,\"valueName\":\"search_term_string\"}}],\"inLanguage\":\"en-US\"}]}<\/script>\n<!-- \/ Yoast SEO plugin. -->","yoast_head_json":{"title":"Roc\u00edo Del Pilar L\u00f3pez Cabana - Campus de Chapad\u00e3o do Sul","robots":{"index":"index","follow":"follow","max-snippet":"max-snippet:-1","max-image-preview":"max-image-preview:large","max-video-preview":"max-video-preview:-1"},"canonical":"https:\/\/cpcs.ufms.br\/profrociolopez\/","og_locale":"en_US","og_type":"article","og_title":"Roc\u00edo Del Pilar L\u00f3pez Cabana - Campus de Chapad\u00e3o do Sul","og_description":"Doutorado: Administra\u00e7\u00e3o &#8211; UEM &#8211; Universidade Estadual de Maring\u00e1 &#8211; 2019. Mestrado: Administra\u00e7\u00e3o &#8211; UEM &#8211; Universidade Estadual de Maring\u00e1 &#8211; 2014. Gradua\u00e7\u00e3o: Administra\u00e7\u00e3o &#8211; UEM &#8211; Universidade Estadual de Maring\u00e1 &#8211; 2011. Educa\u00e7\u00e3o Art\u00edstica &#8211; FAFICILE &#8211; Faculdade de Filosofia Ci\u00eancias e Letras de Tatu\u00ed &#8211; 2005. &nbsp; \u00c1reas e Linhas de Pesquisa: Estudos [&hellip;]","og_url":"https:\/\/cpcs.ufms.br\/profrociolopez\/","og_site_name":"Campus de Chapad\u00e3o do Sul","article_modified_time":"2023-12-21T21:09:44+00:00","og_image":[{"url":"https:\/\/cpcs.ufms.br\/files\/2023\/12\/rocioprof.34-166x300.jpeg","type":"","width":"","height":""}],"twitter_misc":{"Est. reading time":"1 minute","Written by":"Vilela Bezerra"},"schema":{"@context":"https:\/\/schema.org","@graph":[{"@type":"WebPage","@id":"https:\/\/cpcs.ufms.br\/profrociolopez\/","url":"https:\/\/cpcs.ufms.br\/profrociolopez\/","name":"Roc\u00edo Del Pilar L\u00f3pez Cabana - Campus de Chapad\u00e3o do Sul","isPartOf":{"@id":"https:\/\/cpcs.ufms.br\/#website"},"primaryImageOfPage":{"@id":"https:\/\/cpcs.ufms.br\/profrociolopez\/#primaryimage"},"image":{"@id":"https:\/\/cpcs.ufms.br\/profrociolopez\/#primaryimage"},"thumbnailUrl":"https:\/\/cpcs.ufms.br\/files\/2023\/12\/rocioprof.34-166x300.jpeg","datePublished":"2023-12-21T18:28:22+00:00","dateModified":"2023-12-21T21:09:44+00:00","breadcrumb":{"@id":"https:\/\/cpcs.ufms.br\/profrociolopez\/#breadcrumb"},"inLanguage":"en-US","potentialAction":[{"@type":"ReadAction","target":["https:\/\/cpcs.ufms.br\/profrociolopez\/"]}]},{"@type":"ImageObject","inLanguage":"en-US","@id":"https:\/\/cpcs.ufms.br\/profrociolopez\/#primaryimage","url":"https:\/\/cpcs.ufms.br\/files\/2023\/12\/rocioprof.34-166x300.jpeg","contentUrl":"https:\/\/cpcs.ufms.br\/files\/2023\/12\/rocioprof.34-166x300.jpeg"},{"@type":"BreadcrumbList","@id":"https:\/\/cpcs.ufms.br\/profrociolopez\/#breadcrumb","itemListElement":[{"@type":"ListItem","position":1,"name":"In\u00edcio","item":"https:\/\/cpcs.ufms.br\/"},{"@type":"ListItem","position":2,"name":"Roc\u00edo Del Pilar L\u00f3pez Cabana"}]},{"@type":"WebSite","@id":"https:\/\/cpcs.ufms.br\/#website","url":"https:\/\/cpcs.ufms.br\/","name":"Campus de Chapad\u00e3o do Sul","description":"Universidade Federal de Mato Grosso do Sul","potentialAction":[{"@type":"SearchAction","target":{"@type":"EntryPoint","urlTemplate":"https:\/\/cpcs.ufms.br\/?s={search_term_string}"},"query-input":{"@type":"PropertyValueSpecification","valueRequired":true,"valueName":"search_term_string"}}],"inLanguage":"en-US"}]}},"_links":{"self":[{"href":"https:\/\/cpcs.ufms.br\/en\/wp-json\/wp\/v2\/pages\/10231","targetHints":{"allow":["GET"]}}],"collection":[{"href":"https:\/\/cpcs.ufms.br\/en\/wp-json\/wp\/v2\/pages"}],"about":[{"href":"https:\/\/cpcs.ufms.br\/en\/wp-json\/wp\/v2\/types\/page"}],"author":[{"embeddable":true,"href":"https:\/\/cpcs.ufms.br\/en\/wp-json\/wp\/v2\/users\/3221"}],"replies":[{"embeddable":true,"href":"https:\/\/cpcs.ufms.br\/en\/wp-json\/wp\/v2\/comments?post=10231"}],"version-history":[{"count":10,"href":"https:\/\/cpcs.ufms.br\/en\/wp-json\/wp\/v2\/pages\/10231\/revisions"}],"predecessor-version":[{"id":10250,"href":"https:\/\/cpcs.ufms.br\/en\/wp-json\/wp\/v2\/pages\/10231\/revisions\/10250"}],"wp:attachment":[{"href":"https:\/\/cpcs.ufms.br\/en\/wp-json\/wp\/v2\/media?parent=10231"}],"wp:term":[{"taxonomy":"author","embeddable":true,"href":"https:\/\/cpcs.ufms.br\/en\/wp-json\/wp\/v2\/coauthors?post=10231"}],"curies":[{"name":"wp","href":"https:\/\/api.w.org\/{rel}","templated":true}]}}